{"id":663,"date":"2015-02-10T19:21:34","date_gmt":"2015-02-10T19:21:34","guid":{"rendered":"http:\/\/theme-fusion.com\/avada_demos\/architecture\/?page_id=11"},"modified":"2017-09-09T00:12:21","modified_gmt":"2017-09-08T22:12:21","slug":"gardasee","status":"publish","type":"page","link":"http:\/\/www.brain-well-rs.de\/index.php\/gardasee\/","title":{"rendered":"Die Region Gardasee"},"content":{"rendered":"<div class=\"fusion-fullwidth fullwidth-box fusion-builder-row-1 nonhundred-percent-fullwidth non-hundred-percent-height-scrolling\" style=\"background-color: rgba(255,255,255,0);background-position: left top;background-repeat: no-repeat;padding-top:150px;padding-right:0px;padding-bottom:150px;padding-left:0px;margin-bottom: 0px;margin-top: 0px;border-width: 0px 0px 0px 0px;border-color:#eae9e9;border-style:solid;\" ><div class=\"fusion-builder-row fusion-row\"><div class=\"fusion-layout-column fusion_builder_column fusion-builder-column-0 fusion_builder_column_1_1 1_1 fusion-one-full fusion-column-first fusion-column-last\" style=\"margin-top:0px;margin-bottom:20px;\"><div class=\"fusion-column-wrapper fusion-flex-column-wrapper-legacy\" style=\"background-position:left top;background-repeat:no-repeat;-webkit-background-size:cover;-moz-background-size:cover;-o-background-size:cover;background-size:cover;padding: 0px 0px 0px 0px;\"><div class=\"fusion-text fusion-text-1\" style=\"transform:translate3d(0,0,0);\"><p>LA DOLCE VITA<\/p>\n<\/div><div class=\"fusion-text fusion-text-2\" style=\"transform:translate3d(0,0,0);\"><p>Lust auf Sonne, Natur, Kultur und mildes Mittelmeerklima? Dann sind Sie hier genau richtig!<\/p>\n<p>Eingebettet an den Fu\u00df der Alpens\u00fcdseite bietet der Lago di Garda eine einmalig beg\u00fcnstigte Lage:<\/p>\n<p>Zitronen-, Orangen-, und besonders Olivenb\u00e4ume- in diesem mediterranen Klima gedeiht alles- sogar n\u00f6rdlich des 45. Breitengrades.<\/p>\n<p>Der Sommer mit Temperaturen bis ca. 30\u00b0C dauert ganze acht Monate, n\u00e4mlich von M\u00e4rz bis Oktober. Das leuchtendblaue Seewasser ist sauber und klar, mit einer Temperatur, die von Juni bis Anfang Oktober zwischen 20-26\u00b0C liegt.<\/p>\n<p>Zwischen den Ebenen im S\u00fcden und Bergen im Norden gelegen bietet der Gardasee au\u00dferdem bequeme N\u00e4he zu den sch\u00f6nsten Kulturst\u00e4dten Norditaliens: Darunter Mantua, Venedig, Trient, Verona, Brescia und Milano. Ganz gleich, ob Sie nach Sport, Kunst, Kultur, Str\u00e4nden, Wellness, Bergen, kulinarischen Spezialt\u00e4ten oder einfach nur\u00a0<em>la dolce vita<\/em>\u00a0suchen: hier werden Sie in jedem Fall f\u00fcndig!<\/p>\n<\/div><div class=\"fusion-sep-clear\"><\/div><div class=\"fusion-separator fusion-clearfix\" style=\"float:left;margin-top:0px;margin-bottom:35px;width:100%;max-width:170px;\"><div class=\"fusion-separator-border sep-single sep-solid\" style=\"border-color:#e2e3e8;border-top-width:3px;\"><\/div><\/div><div class=\"fusion-sep-clear\"><\/div><div class=\"fusion-clearfix\"><\/div><\/div><\/div><div class=\"fusion-layout-column fusion_builder_column fusion-builder-column-1 fusion_builder_column_1_2 1_2 fusion-one-half fusion-column-first\" style=\"width:48%; margin-right: 4%;margin-top:0px;margin-bottom:20px;\"><div class=\"fusion-column-wrapper fusion-flex-column-wrapper-legacy\" style=\"background-position:left top;background-repeat:no-repeat;-webkit-background-size:cover;-moz-background-size:cover;-o-background-size:cover;background-size:cover;padding: 0px 0px 0px 0px;\"><div class=\"fusion-text fusion-text-3\" style=\"transform:translate3d(0,0,0);\"><p>Gardasee<\/p>\n<\/div><span class=\" fusion-imageframe imageframe-glow imageframe-1 hover-type-zoomin\" style=\"-webkit-box-shadow: 0 0 3px rgba(0,0,0,0.3);box-shadow: 0 0 3px rgba(0,0,0,0.3);\"><a href=\"http:\/\/www.brainwell-projects.de\/wp-content\/uploads\/2015\/02\/Region-Gardasee-Nord.jpg\" class=\"fusion-lightbox\" data-rel=\"iLightbox[c78d107aa7ae4ad33b3]\" data-title=\"Region Gardasee Nord\" title=\"Region Gardasee Nord\"><img width=\"4032\" height=\"3024\" src=\"http:\/\/www.brainwell-projects.de\/wp-content\/uploads\/2015\/02\/Region-Gardasee-Nord.jpg\" class=\"img-responsive wp-image-1418\" srcset=\"http:\/\/www.brain-well-rs.de\/wp-content\/uploads\/2015\/02\/Region-Gardasee-Nord-200x150.jpg 200w, http:\/\/www.brain-well-rs.de\/wp-content\/uploads\/2015\/02\/Region-Gardasee-Nord-400x300.jpg 400w, http:\/\/www.brain-well-rs.de\/wp-content\/uploads\/2015\/02\/Region-Gardasee-Nord-600x450.jpg 600w, http:\/\/www.brain-well-rs.de\/wp-content\/uploads\/2015\/02\/Region-Gardasee-Nord-800x600.jpg 800w, http:\/\/www.brain-well-rs.de\/wp-content\/uploads\/2015\/02\/Region-Gardasee-Nord-1200x900.jpg 1200w, http:\/\/www.brain-well-rs.de\/wp-content\/uploads\/2015\/02\/Region-Gardasee-Nord.jpg 4032w\" sizes=\"(max-width: 800px) 100vw, 600px\" \/><\/a><\/span><div class=\"fusion-clearfix\"><\/div><\/div><\/div><div class=\"fusion-layout-column fusion_builder_column fusion-builder-column-2 fusion_builder_column_1_2 1_2 fusion-one-half fusion-column-last\" style=\"width:48%;margin-top:0px;margin-bottom:20px;\"><div class=\"fusion-column-wrapper fusion-flex-column-wrapper-legacy\" style=\"background-position:left top;background-repeat:no-repeat;-webkit-background-size:cover;-moz-background-size:cover;-o-background-size:cover;background-size:cover;padding: 0px 0px 0px 0px;\"><div class=\"fusion-text fusion-text-4\" style=\"transform:translate3d(0,0,0);\"><p>Isola del Garda<\/p>\n<\/div><span class=\" fusion-imageframe imageframe-glow imageframe-2 hover-type-zoomin\" style=\"-webkit-box-shadow: 0 0 3px rgba(0,0,0,0.3);box-shadow: 0 0 3px rgba(0,0,0,0.3);\"><a href=\"http:\/\/www.brainwell-projects.de\/wp-content\/uploads\/2015\/02\/Isola-di-Garda.jpg\" class=\"fusion-lightbox\" data-rel=\"iLightbox[3f1a2c5dd9de2915f24]\" data-title=\"Isola di Garda\" title=\"Isola di Garda\"><img width=\"3264\" height=\"2448\" src=\"http:\/\/www.brainwell-projects.de\/wp-content\/uploads\/2015\/02\/Isola-di-Garda.jpg\" class=\"img-responsive wp-image-1417\" srcset=\"http:\/\/www.brain-well-rs.de\/wp-content\/uploads\/2015\/02\/Isola-di-Garda-200x150.jpg 200w, http:\/\/www.brain-well-rs.de\/wp-content\/uploads\/2015\/02\/Isola-di-Garda-400x300.jpg 400w, http:\/\/www.brain-well-rs.de\/wp-content\/uploads\/2015\/02\/Isola-di-Garda-600x450.jpg 600w, http:\/\/www.brain-well-rs.de\/wp-content\/uploads\/2015\/02\/Isola-di-Garda-800x600.jpg 800w, http:\/\/www.brain-well-rs.de\/wp-content\/uploads\/2015\/02\/Isola-di-Garda-1200x900.jpg 1200w, http:\/\/www.brain-well-rs.de\/wp-content\/uploads\/2015\/02\/Isola-di-Garda.jpg 3264w\" sizes=\"(max-width: 800px) 100vw, 600px\" \/><\/a><\/span><div class=\"fusion-clearfix\"><\/div><\/div><\/div><div class=\"fusion-layout-column fusion_builder_column fusion-builder-column-3 fusion_builder_column_1_2 1_2 fusion-one-half fusion-column-first\" style=\"width:48%; margin-right: 4%;margin-top:0px;margin-bottom:20px;\"><div class=\"fusion-column-wrapper fusion-flex-column-wrapper-legacy\" style=\"background-position:left top;background-repeat:no-repeat;-webkit-background-size:cover;-moz-background-size:cover;-o-background-size:cover;background-size:cover;padding: 0px 0px 0px 0px;\"><div class=\"fusion-text fusion-text-5\" style=\"transform:translate3d(0,0,0);\"><p>Golf<\/p>\n<\/div><span class=\" fusion-imageframe imageframe-glow imageframe-3 hover-type-zoomin\" style=\"-webkit-box-shadow: 0 0 3px rgba(0,0,0,0.3);box-shadow: 0 0 3px rgba(0,0,0,0.3);\"><a href=\"http:\/\/www.brainwell-projects.de\/wp-content\/uploads\/2015\/02\/Region-Golf-Club-House.jpg\" class=\"fusion-lightbox\" data-rel=\"iLightbox[84ca59c2723a86d21ea]\" data-title=\"Region Golf Club House\" title=\"Region Golf Club House\"><img width=\"800\" height=\"533\" src=\"http:\/\/www.brainwell-projects.de\/wp-content\/uploads\/2015\/02\/Region-Golf-Club-House.jpg\" class=\"img-responsive wp-image-1419\" srcset=\"http:\/\/www.brain-well-rs.de\/wp-content\/uploads\/2015\/02\/Region-Golf-Club-House-200x133.jpg 200w, http:\/\/www.brain-well-rs.de\/wp-content\/uploads\/2015\/02\/Region-Golf-Club-House-400x267.jpg 400w, http:\/\/www.brain-well-rs.de\/wp-content\/uploads\/2015\/02\/Region-Golf-Club-House-600x400.jpg 600w, http:\/\/www.brain-well-rs.de\/wp-content\/uploads\/2015\/02\/Region-Golf-Club-House.jpg 800w\" sizes=\"(max-width: 800px) 100vw, 600px\" \/><\/a><\/span><div class=\"fusion-clearfix\"><\/div><\/div><\/div><div class=\"fusion-layout-column fusion_builder_column fusion-builder-column-4 fusion_builder_column_1_2 1_2 fusion-one-half fusion-column-last\" style=\"width:48%;margin-top:0px;margin-bottom:20px;\"><div class=\"fusion-column-wrapper fusion-flex-column-wrapper-legacy\" style=\"background-position:left top;background-repeat:no-repeat;-webkit-background-size:cover;-moz-background-size:cover;-o-background-size:cover;background-size:cover;padding: 0px 0px 0px 0px;\"><div class=\"fusion-text fusion-text-6\" style=\"transform:translate3d(0,0,0);\"><p>Surfen<\/p>\n<\/div><span class=\" fusion-imageframe imageframe-glow imageframe-4 hover-type-zoomin\" style=\"-webkit-box-shadow: 0 0 3px rgba(0,0,0,0.3);box-shadow: 0 0 3px rgba(0,0,0,0.3);\"><a href=\"http:\/\/www.brainwell-projects.de\/wp-content\/uploads\/2015\/02\/Surfer.jpg\" class=\"fusion-lightbox\" data-rel=\"iLightbox[b2a44ce5345f7f487ba]\" data-title=\"Surfer\" title=\"Surfer\"><img width=\"5184\" height=\"3456\" src=\"http:\/\/www.brainwell-projects.de\/wp-content\/uploads\/2015\/02\/Surfer.jpg\" class=\"img-responsive wp-image-1422\" srcset=\"http:\/\/www.brain-well-rs.de\/wp-content\/uploads\/2015\/02\/Surfer-200x133.jpg 200w, http:\/\/www.brain-well-rs.de\/wp-content\/uploads\/2015\/02\/Surfer-400x267.jpg 400w, http:\/\/www.brain-well-rs.de\/wp-content\/uploads\/2015\/02\/Surfer-600x400.jpg 600w, http:\/\/www.brain-well-rs.de\/wp-content\/uploads\/2015\/02\/Surfer-800x533.jpg 800w, http:\/\/www.brain-well-rs.de\/wp-content\/uploads\/2015\/02\/Surfer-1200x800.jpg 1200w, http:\/\/www.brain-well-rs.de\/wp-content\/uploads\/2015\/02\/Surfer.jpg 5184w\" sizes=\"(max-width: 800px) 100vw, 600px\" \/><\/a><\/span><div class=\"fusion-clearfix\"><\/div><\/div><\/div><div class=\"fusion-layout-column fusion_builder_column fusion-builder-column-5 fusion_builder_column_1_2 1_2 fusion-one-half fusion-column-first\" style=\"width:48%; margin-right: 4%;margin-top:0px;margin-bottom:20px;\"><div class=\"fusion-column-wrapper fusion-flex-column-wrapper-legacy\" style=\"background-position:left top;background-repeat:no-repeat;-webkit-background-size:cover;-moz-background-size:cover;-o-background-size:cover;background-size:cover;padding: 0px 0px 0px 0px;\"><div class=\"fusion-text fusion-text-7\" style=\"transform:translate3d(0,0,0);\"><p>Gardone<\/p>\n<\/div><div class=\"imageframe-align-center\"><span class=\" fusion-imageframe imageframe-glow imageframe-5 hover-type-zoomin\" style=\"-webkit-box-shadow: 0 0 3px rgba(0,0,0,0.3);box-shadow: 0 0 3px rgba(0,0,0,0.3);\"><a href=\"http:\/\/www.brainwell-projects.de\/wp-content\/uploads\/2015\/02\/Gardone.jpg\" class=\"fusion-lightbox\" data-rel=\"iLightbox[18cdedd3069d67f2e26]\" data-title=\"Gardone\" title=\"Gardone\"><img width=\"4128\" height=\"2322\" src=\"http:\/\/www.brainwell-projects.de\/wp-content\/uploads\/2015\/02\/Gardone.jpg\" class=\"img-responsive wp-image-1415\" srcset=\"http:\/\/www.brain-well-rs.de\/wp-content\/uploads\/2015\/02\/Gardone-200x113.jpg 200w, http:\/\/www.brain-well-rs.de\/wp-content\/uploads\/2015\/02\/Gardone-400x225.jpg 400w, http:\/\/www.brain-well-rs.de\/wp-content\/uploads\/2015\/02\/Gardone-600x338.jpg 600w, http:\/\/www.brain-well-rs.de\/wp-content\/uploads\/2015\/02\/Gardone-800x450.jpg 800w, http:\/\/www.brain-well-rs.de\/wp-content\/uploads\/2015\/02\/Gardone-1200x675.jpg 1200w, http:\/\/www.brain-well-rs.de\/wp-content\/uploads\/2015\/02\/Gardone.jpg 4128w\" sizes=\"(max-width: 800px) 100vw, 600px\" \/><\/a><\/span><\/div><div class=\"fusion-clearfix\"><\/div><\/div><\/div><div class=\"fusion-layout-column fusion_builder_column fusion-builder-column-6 fusion_builder_column_1_2 1_2 fusion-one-half fusion-column-last\" style=\"width:48%;margin-top:0px;margin-bottom:20px;\"><div class=\"fusion-column-wrapper fusion-flex-column-wrapper-legacy\" style=\"background-position:left top;background-repeat:no-repeat;-webkit-background-size:cover;-moz-background-size:cover;-o-background-size:cover;background-size:cover;padding: 0px 0px 0px 0px;\"><div class=\"fusion-text fusion-text-8\" style=\"transform:translate3d(0,0,0);\"><p>Sirmione<\/p>\n<\/div><span class=\" fusion-imageframe imageframe-glow imageframe-6 hover-type-zoomin\" style=\"-webkit-box-shadow: 0 0 3px rgba(0,0,0,0.3);box-shadow: 0 0 3px rgba(0,0,0,0.3);\"><a href=\"http:\/\/www.brainwell-projects.de\/wp-content\/uploads\/2015\/02\/Sirmione.jpg\" class=\"fusion-lightbox\" data-rel=\"iLightbox[3bf94af68848131d73a]\" data-title=\"Sirmione\" title=\"Sirmione\"><img width=\"1920\" height=\"1280\" src=\"http:\/\/www.brainwell-projects.de\/wp-content\/uploads\/2015\/02\/Sirmione.jpg\" class=\"img-responsive wp-image-1421\" srcset=\"http:\/\/www.brain-well-rs.de\/wp-content\/uploads\/2015\/02\/Sirmione-200x133.jpg 200w, http:\/\/www.brain-well-rs.de\/wp-content\/uploads\/2015\/02\/Sirmione-400x267.jpg 400w, http:\/\/www.brain-well-rs.de\/wp-content\/uploads\/2015\/02\/Sirmione-600x400.jpg 600w, http:\/\/www.brain-well-rs.de\/wp-content\/uploads\/2015\/02\/Sirmione-800x533.jpg 800w, http:\/\/www.brain-well-rs.de\/wp-content\/uploads\/2015\/02\/Sirmione-1200x800.jpg 1200w, http:\/\/www.brain-well-rs.de\/wp-content\/uploads\/2015\/02\/Sirmione.jpg 1920w\" sizes=\"(max-width: 800px) 100vw, 600px\" \/><\/a><\/span><div class=\"fusion-clearfix\"><\/div><\/div><\/div><div class=\"fusion-layout-column fusion_builder_column fusion-builder-column-7 fusion_builder_column_1_2 1_2 fusion-one-half fusion-column-first\" style=\"width:48%; margin-right: 4%;margin-top:0px;margin-bottom:20px;\"><div class=\"fusion-column-wrapper fusion-flex-column-wrapper-legacy\" style=\"background-position:left top;background-repeat:no-repeat;-webkit-background-size:cover;-moz-background-size:cover;-o-background-size:cover;background-size:cover;padding: 0px 0px 0px 0px;\"><div class=\"fusion-text fusion-text-9\" style=\"transform:translate3d(0,0,0);\"><p>Sal\u00f3<\/p>\n<\/div><span class=\" fusion-imageframe imageframe-glow imageframe-7 hover-type-zoomin\" style=\"-webkit-box-shadow: 0 0 3px rgba(0,0,0,0.3);box-shadow: 0 0 3px rgba(0,0,0,0.3);\"><a href=\"http:\/\/www.brainwell-projects.de\/wp-content\/uploads\/2015\/02\/Region-Salo.jpg\" class=\"fusion-lightbox\" data-rel=\"iLightbox[8083aa64decff25078d]\" data-title=\"Region Salo\" title=\"Region Salo\"><img width=\"4032\" height=\"3024\" src=\"http:\/\/www.brainwell-projects.de\/wp-content\/uploads\/2015\/02\/Region-Salo.jpg\" class=\"img-responsive wp-image-1420\" srcset=\"http:\/\/www.brain-well-rs.de\/wp-content\/uploads\/2015\/02\/Region-Salo-200x150.jpg 200w, http:\/\/www.brain-well-rs.de\/wp-content\/uploads\/2015\/02\/Region-Salo-400x300.jpg 400w, http:\/\/www.brain-well-rs.de\/wp-content\/uploads\/2015\/02\/Region-Salo-600x450.jpg 600w, http:\/\/www.brain-well-rs.de\/wp-content\/uploads\/2015\/02\/Region-Salo-800x600.jpg 800w, http:\/\/www.brain-well-rs.de\/wp-content\/uploads\/2015\/02\/Region-Salo-1200x900.jpg 1200w, http:\/\/www.brain-well-rs.de\/wp-content\/uploads\/2015\/02\/Region-Salo.jpg 4032w\" sizes=\"(max-width: 800px) 100vw, 600px\" \/><\/a><\/span><div class=\"fusion-clearfix\"><\/div><\/div><\/div><div class=\"fusion-layout-column fusion_builder_column fusion-builder-column-8 fusion_builder_column_1_2 1_2 fusion-one-half fusion-column-last\" style=\"width:48%;margin-top:0px;margin-bottom:20px;\"><div class=\"fusion-column-wrapper fusion-flex-column-wrapper-legacy\" style=\"background-position:left top;background-repeat:no-repeat;-webkit-background-size:cover;-moz-background-size:cover;-o-background-size:cover;background-size:cover;padding: 0px 0px 0px 0px;\"><div class=\"fusion-text fusion-text-10\" style=\"transform:translate3d(0,0,0);\"><p>Strandbars<\/p>\n<\/div><span class=\" fusion-imageframe imageframe-glow imageframe-8 hover-type-zoomin\" style=\"-webkit-box-shadow: 0 0 3px rgba(0,0,0,0.3);box-shadow: 0 0 3px rgba(0,0,0,0.3);\"><a href=\"http:\/\/www.brainwell-projects.de\/wp-content\/uploads\/2015\/02\/Region-Strandbar.jpeg\" class=\"fusion-lightbox\" data-rel=\"iLightbox[8723345504a9d6bbfec]\" data-title=\"Region Strandbar\" title=\"Region Strandbar\"><img width=\"4032\" height=\"3024\" src=\"http:\/\/www.brainwell-projects.de\/wp-content\/uploads\/2015\/02\/Region-Strandbar.jpeg\" class=\"img-responsive wp-image-1423\" srcset=\"http:\/\/www.brain-well-rs.de\/wp-content\/uploads\/2015\/02\/Region-Strandbar-200x150.jpeg 200w, http:\/\/www.brain-well-rs.de\/wp-content\/uploads\/2015\/02\/Region-Strandbar-400x300.jpeg 400w, http:\/\/www.brain-well-rs.de\/wp-content\/uploads\/2015\/02\/Region-Strandbar-600x450.jpeg 600w, http:\/\/www.brain-well-rs.de\/wp-content\/uploads\/2015\/02\/Region-Strandbar-800x600.jpeg 800w, http:\/\/www.brain-well-rs.de\/wp-content\/uploads\/2015\/02\/Region-Strandbar-1200x900.jpeg 1200w, http:\/\/www.brain-well-rs.de\/wp-content\/uploads\/2015\/02\/Region-Strandbar.jpeg 4032w\" sizes=\"(max-width: 800px) 100vw, 600px\" \/><\/a><\/span><div class=\"fusion-clearfix\"><\/div><\/div><\/div><div class=\"fusion-layout-column fusion_builder_column fusion-builder-column-9 fusion_builder_column_1_1 1_1 fusion-one-full fusion-column-first fusion-column-last\" style=\"margin-top:0px;margin-bottom:20px;\"><div class=\"fusion-column-wrapper fusion-flex-column-wrapper-legacy\" style=\"background-position:left top;background-repeat:no-repeat;-webkit-background-size:cover;-moz-background-size:cover;-o-background-size:cover;background-size:cover;padding: 0px 0px 0px 0px;\"><div class=\"fusion-text fusion-text-11\" style=\"transform:translate3d(0,0,0);\"><p>Sunset<\/p>\n<\/div><span class=\" fusion-imageframe imageframe-glow imageframe-9 hover-type-zoomin\" style=\"-webkit-box-shadow: 0 0 3px rgba(0,0,0,0.3);box-shadow: 0 0 3px rgba(0,0,0,0.3);\"><a href=\"http:\/\/www.brainwell-projects.de\/wp-content\/uploads\/2015\/02\/Gardasee-Sonnenuntergang.jpg\" class=\"fusion-lightbox\" data-rel=\"iLightbox[12284f411c855e6ab39]\" data-title=\"Gardasee-Sonnenuntergang\" title=\"Gardasee-Sonnenuntergang\"><img width=\"5184\" height=\"3456\" src=\"http:\/\/www.brainwell-projects.de\/wp-content\/uploads\/2015\/02\/Gardasee-Sonnenuntergang.jpg\" class=\"img-responsive wp-image-1414\" srcset=\"http:\/\/www.brain-well-rs.de\/wp-content\/uploads\/2015\/02\/Gardasee-Sonnenuntergang-200x133.jpg 200w, http:\/\/www.brain-well-rs.de\/wp-content\/uploads\/2015\/02\/Gardasee-Sonnenuntergang-400x267.jpg 400w, http:\/\/www.brain-well-rs.de\/wp-content\/uploads\/2015\/02\/Gardasee-Sonnenuntergang-600x400.jpg 600w, http:\/\/www.brain-well-rs.de\/wp-content\/uploads\/2015\/02\/Gardasee-Sonnenuntergang-800x533.jpg 800w, http:\/\/www.brain-well-rs.de\/wp-content\/uploads\/2015\/02\/Gardasee-Sonnenuntergang-1200x800.jpg 1200w, http:\/\/www.brain-well-rs.de\/wp-content\/uploads\/2015\/02\/Gardasee-Sonnenuntergang.jpg 5184w\" sizes=\"(max-width: 800px) 100vw, 5184px\" \/><\/a><\/span><div class=\"fusion-clearfix\"><\/div><\/div><\/div><div class=\"fusion-layout-column fusion_builder_column fusion-builder-column-10 fusion_builder_column_1_1 1_1 fusion-one-full fusion-column-first fusion-column-last\" style=\"margin-top:0px;margin-bottom:20px;\"><div class=\"fusion-column-wrapper fusion-flex-column-wrapper-legacy\" style=\"background-position:left top;background-repeat:no-repeat;-webkit-background-size:cover;-moz-background-size:cover;-o-background-size:cover;background-size:cover;padding: 0px 0px 0px 0px;\"><div class=\"fusion-sep-clear\"><\/div><div class=\"fusion-separator fusion-clearfix\" style=\"float:left;margin-top:0px;margin-bottom:35px;width:100%;max-width:170px;\"><div class=\"fusion-separator-border sep-single sep-solid\" style=\"border-color:#e2e3e8;border-top-width:3px;\"><\/div><\/div><div class=\"fusion-sep-clear\"><\/div><div class=\"fusion-text fusion-text-12\" style=\"transform:translate3d(0,0,0);\"><p>GESCHICHTE, KULTUR, SOCIETY<\/p>\n<\/div><div class=\"fusion-text fusion-text-13\" style=\"transform:translate3d(0,0,0);\"><p>Die Region wurde\u00a0ab dem 19. Jahrhundert zu einem der beliebtesten Kurorte\u00a0von Hochadel und High Society, welcher\u00a0wegen der therapeutischen Eigenschaften des\u00a0Klimas f\u00fcr besonders l\u00e4ngere Aufenthalte empfohlen wurde.\u00a0 Das mediterrane Klima garantiert seelische Entspannung und k\u00f6rperliches Wohlbefinden. In der\u00a0\u00fcppigen Vegetation wechseln\u00a0sich die typischen Pflanzen des Gardasee mit denen Mitteleuropas und\u00a0S\u00fcditalien\u00a0ab.<\/p>\n<p>Auch der heutigen\u00a0internationalen Prominenz ist diese herausragende Lage nicht verborgen geblieben, wie sich anhand aktueller K\u00e4ufer belegen l\u00e4sst. Die Attraktivit\u00e4t des Immobilienmarktes l\u00e4sst sich mit einem Anstieg der Immobilienums\u00e4tze von \u00fcber 20% gegen\u00fcber 2015 und einem Anstieg de Finanzierungsvolumens in H\u00f6he von 24% ablesen. (Quelle: Italienische Wirtschaftszeitungen)<\/p>\n<\/div><div class=\"fusion-sep-clear\"><\/div><div class=\"fusion-separator fusion-clearfix\" style=\"float:left;margin-top:0px;margin-bottom:35px;width:100%;max-width:170px;\"><div class=\"fusion-separator-border sep-single sep-solid\" style=\"border-color:#e2e3e8;border-top-width:3px;\"><\/div><\/div><div class=\"fusion-sep-clear\"><\/div><div class=\"fusion-text fusion-text-14\" style=\"transform:translate3d(0,0,0);\"><p>WISSENSWERTES ZUM \u00d6KONOMISCHEN UMFELD<\/p>\n<\/div><div class=\"fusion-text fusion-text-15\" style=\"transform:translate3d(0,0,0);\"><p>S\u00fcdtirol\/Trentino, die Lombardei und Venetien sind der Wirtschaftsmotor Italiens.<\/p>\n<p>Aufgrund dieser einzigartigen Lage in den Wirtschaftsregionen Lombardei, S\u00fcdtirol\/Trentino und\u00a0Venetien, verf\u00fcgt die Region Gardasee mit den naheliegenden St\u00e4dten\u00a0 Mailand, Brescia, Bergamo, Bozen, Trento und Verone \u00fcber ein vergleichbar hohes BIP pro Kopf wie etwa Bayern, Baden-W\u00fcrttemberg und \u00d6sterreich. Das gesch\u00e4tzte, durchschnittliche Verm\u00f6gen der Privathaushalte liegt sogar etwas dar\u00fcber.\u00a0In der Lombardei (hierzu z\u00e4hlt die Westk\u00fcste des Gardasees) finden au\u00dferdem die meisten ausl\u00e4ndischen Direktinvestitionen statt. Mit mehr als 16,5 Mio. Einwohnern beherbergt die Region einen Bev\u00f6lkerungsanteil von ca. 27,5%\u00a0 Italiens und stellt eine Wirtschaftsleistung von ca. 45%. Die Region Gardasee z\u00e4hlt\u00a0zu den beliebtesten Reisezielen\u00a0Europas. Seit der Stabilisierung der italienischen Wirtschaft und dem starken Wirtschaftswachstum Deutschlands beginnen sich wieder steigende Preise f\u00fcr Immobilien abzuzeichnen.<\/p>\n<\/div><div class=\"fusion-sep-clear\"><\/div><div class=\"fusion-separator fusion-full-width-sep fusion-clearfix\" style=\"float:left;margin-top:10px;margin-bottom:10px;width:100%;\"><\/div><div class=\"fusion-sep-clear\"><\/div><div class=\"fusion-text fusion-text-16\" style=\"transform:translate3d(0,0,0);\"><p>Unsere Meinung:<\/p>\n<p>Ein Vergleich mit der Region M\u00fcnchen mit dem Starnberger See und dem Tegernsee, oder\u00a0 Bodensee oder den Top Seen in \u00d6sterreich wie \u00a0Attersee oder W\u00f6rthersee scheint bez\u00fcglich des (unter wirtschaftlichen Aspekten) ans\u00e4ssigen Klientels vergleichbar.\u00a0 Die \u00a0durchschnittlichen Preise am Gardasee hingegen liegen selbst f\u00fcr Toplagen und bei Topobjekten nicht einmal bei 50% des Preisniveaus!<\/p>\n<p>Wir sehen ein steigendes Interesse an Zweitwohnungen \/ H\u00e4usern von B\u00fcrgern aus Deutschland, \u00d6sterreich (auch Herr Benko baut in der Region) und der Schweiz sowie eine exzellente Vermietbarkeit dieser Objekte u.a. als Ferienhaus \/ Wohnung mit ausgezeichneten Mietrenditen von 5-10% p.a.!<\/p>\n<p>Wir wollen daher die momentan noch herrschende \u201eSondersituation\u201c nutzen um f\u00fcr unsere Investoren und Partner eine hohe, risikoarme Rendite zu erwirtschaften und dem K\u00e4ufer der Objekte sehr gute Lagen, Qualit\u00e4t und Design zu attraktiven Preisen anzubieten.<\/p>\n<\/div><div class=\"fusion-clearfix\"><\/div><\/div><\/div><\/div><\/div>\n","protected":false},"excerpt":{"rendered":"","protected":false},"author":1,"featured_media":0,"parent":0,"menu_order":0,"comment_status":"closed","ping_status":"open","template":"100-width.php","meta":[],"_links":{"self":[{"href":"http:\/\/www.brain-well-rs.de\/index.php\/wp-json\/wp\/v2\/pages\/663"}],"collection":[{"href":"http:\/\/www.brain-well-rs.de\/index.php\/wp-json\/wp\/v2\/pages"}],"about":[{"href":"http:\/\/www.brain-well-rs.de\/index.php\/wp-json\/wp\/v2\/types\/page"}],"author":[{"embeddable":true,"href":"http:\/\/www.brain-well-rs.de\/index.php\/wp-json\/wp\/v2\/users\/1"}],"replies":[{"embeddable":true,"href":"http:\/\/www.brain-well-rs.de\/index.php\/wp-json\/wp\/v2\/comments?post=663"}],"version-history":[{"count":33,"href":"http:\/\/www.brain-well-rs.de\/index.php\/wp-json\/wp\/v2\/pages\/663\/revisions"}],"predecessor-version":[{"id":1432,"href":"http:\/\/www.brain-well-rs.de\/index.php\/wp-json\/wp\/v2\/pages\/663\/revisions\/1432"}],"wp:attachment":[{"href":"http:\/\/www.brain-well-rs.de\/index.php\/wp-json\/wp\/v2\/media?parent=663"}],"curies":[{"name":"wp","href":"https:\/\/api.w.org\/{rel}","templated":true}]}}